{"id":253,"date":"2021-01-07T02:17:34","date_gmt":"2021-01-07T02:17:34","guid":{"rendered":"https:\/\/costabrava.multinternet.com\/?page_id=253"},"modified":"2022-06-21T15:17:31","modified_gmt":"2022-06-21T15:17:31","slug":"location-costa-brava","status":"publish","type":"page","link":"https:\/\/achetermalincostabrava.com\/en\/location-costa-brava\/","title":{"rendered":"Costa Brava rental"},"content":{"rendered":"<div data-elementor-type=\"wp-page\" data-elementor-id=\"253\" class=\"elementor elementor-253\" data-elementor-post-type=\"page\">\n\t\t\t\t\t\t<section class=\"elementor-section elementor-top-section elementor-element elementor-element-472b439 elementor-section-content-middle elementor-section-height-min-height elementor-section-boxed elementor-section-height-default elementor-section-items-middle\" data-id=\"472b439\" data-element_type=\"section\" data-e-type=\"section\" data-settings=\"{&quot;background_background&quot;:&quot;classic&quot;}\">\n\t\t\t\t\t\t\t<div class=\"elementor-background-overlay\"><\/div>\n\t\t\t\t\t\t\t<div class=\"elementor-container elementor-column-gap-default\">\n\t\t\t\t\t<div class=\"elementor-column elementor-col-50 elementor-top-column elementor-element elementor-element-469c1b6\" data-id=\"469c1b6\" data-element_type=\"column\" data-e-type=\"column\">\n\t\t\t<div class=\"elementor-widget-wrap elementor-element-populated\">\n\t\t\t\t\t\t<div class=\"elementor-element elementor-element-37e3746 elementor-widget elementor-widget-heading\" data-id=\"37e3746\" data-element_type=\"widget\" data-e-type=\"widget\" data-settings=\"{&quot;_animation&quot;:&quot;none&quot;}\" data-widget_type=\"heading.default\">\n\t\t\t\t<div class=\"elementor-widget-container\">\n\t\t\t\t\t<h1 class=\"elementor-heading-title elementor-size-default\">Costa Brava rental,<br \/>\nLong-term rental or holiday rental? We'll find you the perfect property<\/h1>\t\t\t\t<\/div>\n\t\t\t\t<\/div>\n\t\t\t\t<div class=\"elementor-element elementor-element-9ac2d0d elementor-widget elementor-widget-heading\" data-id=\"9ac2d0d\" data-element_type=\"widget\" data-e-type=\"widget\" data-settings=\"{&quot;_animation&quot;:&quot;none&quot;}\" data-widget_type=\"heading.default\">\n\t\t\t\t<div class=\"elementor-widget-container\">\n\t\t\t\t\t<h2 class=\"elementor-heading-title elementor-size-default\">Would you like to enjoy the sunshine and relaxed lifestyle of the Costa Brava?\nbefore investing, or are you looking for accommodation for professional reasons?<\/h2>\t\t\t\t<\/div>\n\t\t\t\t<\/div>\n\t\t\t\t\t<\/div>\n\t\t<\/div>\n\t\t\t\t<div class=\"elementor-column elementor-col-50 elementor-top-column elementor-element elementor-element-d306194\" data-id=\"d306194\" data-element_type=\"column\" data-e-type=\"column\">\n\t\t\t<div class=\"elementor-widget-wrap\">\n\t\t\t\t\t\t\t<\/div>\n\t\t<\/div>\n\t\t\t\t\t<\/div>\n\t\t<\/section>\n\t\t\t\t<section class=\"elementor-section elementor-top-section elementor-element elementor-element-7215b2a elementor-section-content-middle elementor-section-boxed elementor-section-height-default elementor-section-height-default\" data-id=\"7215b2a\" data-element_type=\"section\" data-e-type=\"section\">\n\t\t\t\t\t\t<div class=\"elementor-container elementor-column-gap-default\">\n\t\t\t\t\t<div class=\"elementor-column elementor-col-50 elementor-top-column elementor-element elementor-element-65dc030\" data-id=\"65dc030\" data-element_type=\"column\" data-e-type=\"column\">\n\t\t\t<div class=\"elementor-widget-wrap elementor-element-populated\">\n\t\t\t\t\t\t<div class=\"elementor-element elementor-element-abb2157 elementor-widget elementor-widget-image\" data-id=\"abb2157\" data-element_type=\"widget\" data-e-type=\"widget\" data-widget_type=\"image.default\">\n\t\t\t\t<div class=\"elementor-widget-container\">\n\t\t\t\t\t\t\t\t\t\t\t\t<figure class=\"wp-caption\">\n\t\t\t\t\t\t\t\t\t\t<img fetchpriority=\"high\" decoding=\"async\" width=\"800\" height=\"448\" src=\"https:\/\/achetermalincostabrava.com\/wp-content\/uploads\/2021\/02\/A7-1024x573.jpg\" class=\"elementor-animation-bob attachment-large size-large wp-image-385\" alt=\"salle \u00e0 manger\" srcset=\"https:\/\/achetermalincostabrava.com\/wp-content\/uploads\/2021\/02\/A7-1024x573.jpg 1024w, https:\/\/achetermalincostabrava.com\/wp-content\/uploads\/2021\/02\/A7-300x168.jpg 300w, https:\/\/achetermalincostabrava.com\/wp-content\/uploads\/2021\/02\/A7-768x430.jpg 768w, https:\/\/achetermalincostabrava.com\/wp-content\/uploads\/2021\/02\/A7-1536x860.jpg 1536w, https:\/\/achetermalincostabrava.com\/wp-content\/uploads\/2021\/02\/A7.jpg 1591w\" sizes=\"(max-width: 800px) 100vw, 800px\" \/>\t\t\t\t\t\t\t\t\t\t\t<figcaption class=\"widget-image-caption wp-caption-text\">dining room<\/figcaption>\n\t\t\t\t\t\t\t\t\t\t<\/figure>\n\t\t\t\t\t\t\t\t\t<\/div>\n\t\t\t\t<\/div>\n\t\t\t\t\t<\/div>\n\t\t<\/div>\n\t\t\t\t<div class=\"elementor-column elementor-col-50 elementor-top-column elementor-element elementor-element-94163eb\" data-id=\"94163eb\" data-element_type=\"column\" data-e-type=\"column\">\n\t\t\t<div class=\"elementor-widget-wrap elementor-element-populated\">\n\t\t\t\t\t\t<div class=\"elementor-element elementor-element-d7f21dd elementor-widget elementor-widget-image\" data-id=\"d7f21dd\" data-element_type=\"widget\" data-e-type=\"widget\" data-widget_type=\"image.default\">\n\t\t\t\t<div class=\"elementor-widget-container\">\n\t\t\t\t\t\t\t\t\t\t\t\t\t\t\t<img decoding=\"async\" width=\"100\" height=\"100\" src=\"https:\/\/achetermalincostabrava.com\/wp-content\/uploads\/2021\/01\/cornergrey1-min.png\" class=\"attachment-large size-large wp-image-97\" alt=\"angle gris\" \/>\t\t\t\t\t\t\t\t\t\t\t\t\t\t\t<\/div>\n\t\t\t\t<\/div>\n\t\t\t\t<div class=\"elementor-element elementor-element-a1284fc elementor-widget elementor-widget-heading\" data-id=\"a1284fc\" data-element_type=\"widget\" data-e-type=\"widget\" data-widget_type=\"heading.default\">\n\t\t\t\t<div class=\"elementor-widget-container\">\n\t\t\t\t\t<h2 class=\"elementor-heading-title elementor-size-default\">Acheter Malin Costa Brava will help you find your long-term rental or holiday rental on the Costa Brava:<\/h2>\t\t\t\t<\/div>\n\t\t\t\t<\/div>\n\t\t\t\t<div class=\"elementor-element elementor-element-6d2e503 elementor-widget elementor-widget-heading\" data-id=\"6d2e503\" data-element_type=\"widget\" data-e-type=\"widget\" data-widget_type=\"heading.default\">\n\t\t\t\t<div class=\"elementor-widget-container\">\n\t\t\t\t\t<p class=\"elementor-heading-title elementor-size-default\">If you're not in the area or if you don't have the time, I can offer you my services as a property hunter to find the property that meets your needs.\nas a property hunter to find the right property for you.\nSpecialising in the coastal area, I also know the hinterland very well and its charming villages\nor medieval villages. Depending on your situation, your project and your needs, I'll guide you to find the best locations and the home that's right for you.\nI'll guide you to the best locations and the right residence for you.<\/p>\t\t\t\t<\/div>\n\t\t\t\t<\/div>\n\t\t\t\t<div class=\"elementor-element elementor-element-7a47fd6 elementor-widget elementor-widget-image\" data-id=\"7a47fd6\" data-element_type=\"widget\" data-e-type=\"widget\" data-widget_type=\"image.default\">\n\t\t\t\t<div class=\"elementor-widget-container\">\n\t\t\t\t\t\t\t\t\t\t\t\t\t\t\t<img decoding=\"async\" width=\"100\" height=\"100\" src=\"https:\/\/achetermalincostabrava.com\/wp-content\/uploads\/2021\/01\/cornergrey2-min.png\" class=\"attachment-large size-large wp-image-98\" alt=\"angle gris1\" \/>\t\t\t\t\t\t\t\t\t\t\t\t\t\t\t<\/div>\n\t\t\t\t<\/div>\n\t\t\t\t\t<\/div>\n\t\t<\/div>\n\t\t\t\t\t<\/div>\n\t\t<\/section>\n\t\t\t\t<section class=\"elementor-section elementor-top-section elementor-element elementor-element-59d2485 elementor-section-boxed elementor-section-height-default elementor-section-height-default\" data-id=\"59d2485\" data-element_type=\"section\" data-e-type=\"section\">\n\t\t\t\t\t\t<div class=\"elementor-container elementor-column-gap-default\">\n\t\t\t\t\t<div class=\"elementor-column elementor-col-100 elementor-top-column elementor-element elementor-element-ae55b1b\" data-id=\"ae55b1b\" data-element_type=\"column\" data-e-type=\"column\">\n\t\t\t<div class=\"elementor-widget-wrap elementor-element-populated\">\n\t\t\t\t\t\t<div class=\"elementor-element elementor-element-edbd173 elementor-widget elementor-widget-image\" data-id=\"edbd173\" data-element_type=\"widget\" data-e-type=\"widget\" data-widget_type=\"image.default\">\n\t\t\t\t<div class=\"elementor-widget-container\">\n\t\t\t\t\t\t\t\t\t\t\t\t<figure class=\"wp-caption\">\n\t\t\t\t\t\t\t\t\t\t<img loading=\"lazy\" decoding=\"async\" width=\"1\" height=\"1\" src=\"https:\/\/achetermalincostabrava.com\/wp-content\/uploads\/2021\/01\/vector_1_acheter.svg\" class=\"elementor-animation-bob attachment-large size-large wp-image-81\" alt=\"vector 1 acheter\" \/>\t\t\t\t\t\t\t\t\t\t\t<figcaption class=\"widget-image-caption wp-caption-text\">vector 1 buy<\/figcaption>\n\t\t\t\t\t\t\t\t\t\t<\/figure>\n\t\t\t\t\t\t\t\t\t<\/div>\n\t\t\t\t<\/div>\n\t\t\t\t<div class=\"elementor-element elementor-element-1705b25 elementor-widget elementor-widget-heading\" data-id=\"1705b25\" data-element_type=\"widget\" data-e-type=\"widget\" data-widget_type=\"heading.default\">\n\t\t\t\t<div class=\"elementor-widget-container\">\n\t\t\t\t\t<h2 class=\"elementor-heading-title elementor-size-default\">Renting a house or flat on the Costa Brava<\/h2>\t\t\t\t<\/div>\n\t\t\t\t<\/div>\n\t\t\t\t<div class=\"elementor-element elementor-element-a0b02dd elementor-widget elementor-widget-heading\" data-id=\"a0b02dd\" data-element_type=\"widget\" data-e-type=\"widget\" data-widget_type=\"heading.default\">\n\t\t\t\t<div class=\"elementor-widget-container\">\n\t\t\t\t\t<p class=\"elementor-heading-title elementor-size-default\">Let's talk about your rental project <\/p>\t\t\t\t<\/div>\n\t\t\t\t<\/div>\n\t\t\t\t<div class=\"elementor-element elementor-element-e5e87f6 elementor-align-center elementor-invisible elementor-widget elementor-widget-button\" data-id=\"e5e87f6\" data-element_type=\"widget\" data-e-type=\"widget\" data-settings=\"{&quot;_animation&quot;:&quot;fadeInDown&quot;}\" data-widget_type=\"button.default\">\n\t\t\t\t<div class=\"elementor-widget-container\">\n\t\t\t\t\t\t\t\t\t<div class=\"elementor-button-wrapper\">\n\t\t\t\t\t<a class=\"elementor-button elementor-button-link elementor-size-lg elementor-animation-float\" href=\"https:\/\/achetermalincostabrava.com\/en\/contact\/\" target=\"_blank\">\n\t\t\t\t\t\t<span class=\"elementor-button-content-wrapper\">\n\t\t\t\t\t\t<span class=\"elementor-button-icon\">\n\t\t\t\t<i aria-hidden=\"true\" class=\"fas fa-play\"><\/i>\t\t\t<\/span>\n\t\t\t\t\t\t\t\t\t<span class=\"elementor-button-text\">Contact me without obligation <\/span>\n\t\t\t\t\t<\/span>\n\t\t\t\t\t<\/a>\n\t\t\t\t<\/div>\n\t\t\t\t\t\t\t\t<\/div>\n\t\t\t\t<\/div>\n\t\t\t\t\t<\/div>\n\t\t<\/div>\n\t\t\t\t\t<\/div>\n\t\t<\/section>\n\t\t\t\t<\/div>","protected":false},"excerpt":{"rendered":"<p>Location Costa Brava, Location longue dur\u00e9e ou location de vacances ? Nous trouvons pour vous le bien parfait Vous souhaitez profiter du soleil et de la vie douce de la Costa Brava, vous voulez tester la vie sur place avant d\u2019investir ou vous recherchez un logement pour des motifs professionnels ? salle \u00e0 manger Acheter [&hellip;]<\/p>\n","protected":false},"author":1,"featured_media":0,"parent":0,"menu_order":0,"comment_status":"closed","ping_status":"closed","template":"elementor_header_footer","meta":{"footnotes":""},"class_list":["post-253","page","type-page","status-publish","hentry"],"yoast_head":"<!-- This site is optimized with the Yoast SEO plugin v27.0 - https:\/\/yoast.com\/product\/yoast-seo-wordpress\/ -->\n<title>Location Costa Brava - Chasseur Immobilier Costa Brava<\/title>\n<meta name=\"description\" content=\"Location Costa Brava, Location longue dur\u00e9e ou location de vacances ? Nous trouvons pour vous le bien parfait\" \/>\n<meta name=\"robots\" content=\"index, follow, max-snippet:-1, max-image-preview:large, max-video-preview:-1\" \/>\n<link rel=\"canonical\" href=\"https:\/\/achetermalincostabrava.com\/en\/location-costa-brava\/\" \/>\n<meta property=\"og:locale\" content=\"en_GB\" \/>\n<meta property=\"og:type\" content=\"article\" \/>\n<meta property=\"og:title\" content=\"Location Costa Brava - Chasseur Immobilier Costa Brava\" \/>\n<meta property=\"og:description\" content=\"Location Costa Brava, Location longue dur\u00e9e ou location de vacances ? Nous trouvons pour vous le bien parfait\" \/>\n<meta property=\"og:url\" content=\"https:\/\/achetermalincostabrava.com\/en\/location-costa-brava\/\" \/>\n<meta property=\"og:site_name\" content=\"Acheter Malin Costa Brava | Chasseur Immobilier Costa Brava\" \/>\n<meta property=\"article:modified_time\" content=\"2022-06-21T15:17:31+00:00\" \/>\n<meta property=\"og:image\" content=\"https:\/\/achetermalincostabrava.com\/wp-content\/uploads\/2021\/02\/A7-1024x573.jpg\" \/>\n<meta name=\"twitter:card\" content=\"summary_large_image\" \/>\n<meta name=\"twitter:label1\" content=\"Estimated reading time\" \/>\n\t<meta name=\"twitter:data1\" content=\"2 minutes\" \/>\n<script type=\"application\/ld+json\" class=\"yoast-schema-graph\">{\"@context\":\"https:\/\/schema.org\",\"@graph\":[{\"@type\":\"WebPage\",\"@id\":\"https:\/\/achetermalincostabrava.com\/location-costa-brava\/\",\"url\":\"https:\/\/achetermalincostabrava.com\/location-costa-brava\/\",\"name\":\"Location Costa Brava - Chasseur Immobilier Costa Brava\",\"isPartOf\":{\"@id\":\"https:\/\/achetermalincostabrava.com\/#website\"},\"primaryImageOfPage\":{\"@id\":\"https:\/\/achetermalincostabrava.com\/location-costa-brava\/#primaryimage\"},\"image\":{\"@id\":\"https:\/\/achetermalincostabrava.com\/location-costa-brava\/#primaryimage\"},\"thumbnailUrl\":\"https:\/\/achetermalincostabrava.com\/wp-content\/uploads\/2021\/02\/A7-1024x573.jpg\",\"datePublished\":\"2021-01-07T02:17:34+00:00\",\"dateModified\":\"2022-06-21T15:17:31+00:00\",\"description\":\"Location Costa Brava, Location longue dur\u00e9e ou location de vacances ? Nous trouvons pour vous le bien parfait\",\"breadcrumb\":{\"@id\":\"https:\/\/achetermalincostabrava.com\/location-costa-brava\/#breadcrumb\"},\"inLanguage\":\"en-GB\",\"potentialAction\":[{\"@type\":\"ReadAction\",\"target\":[\"https:\/\/achetermalincostabrava.com\/location-costa-brava\/\"]}]},{\"@type\":\"ImageObject\",\"inLanguage\":\"en-GB\",\"@id\":\"https:\/\/achetermalincostabrava.com\/location-costa-brava\/#primaryimage\",\"url\":\"https:\/\/achetermalincostabrava.com\/wp-content\/uploads\/2021\/02\/A7-1024x573.jpg\",\"contentUrl\":\"https:\/\/achetermalincostabrava.com\/wp-content\/uploads\/2021\/02\/A7-1024x573.jpg\"},{\"@type\":\"BreadcrumbList\",\"@id\":\"https:\/\/achetermalincostabrava.com\/location-costa-brava\/#breadcrumb\",\"itemListElement\":[{\"@type\":\"ListItem\",\"position\":1,\"name\":\"Accueil\",\"item\":\"https:\/\/achetermalincostabrava.com\/\"},{\"@type\":\"ListItem\",\"position\":2,\"name\":\"Location Costa Brava\"}]},{\"@type\":\"WebSite\",\"@id\":\"https:\/\/achetermalincostabrava.com\/#website\",\"url\":\"https:\/\/achetermalincostabrava.com\/\",\"name\":\"Acheter Malin Costa Brava | Chasseur Immobilier Costa Brava\",\"description\":\"Chasseur Immobilier Acheter Malin Costa Brava. Confiez votre recherche \u00e0 un professionnel francophone, sur place et repr\u00e9sentant localement vos interets. D\u00e9couvrez tous nos services.\",\"publisher\":{\"@id\":\"https:\/\/achetermalincostabrava.com\/#organization\"},\"potentialAction\":[{\"@type\":\"SearchAction\",\"target\":{\"@type\":\"EntryPoint\",\"urlTemplate\":\"https:\/\/achetermalincostabrava.com\/?s={search_term_string}\"},\"query-input\":{\"@type\":\"PropertyValueSpecification\",\"valueRequired\":true,\"valueName\":\"search_term_string\"}}],\"inLanguage\":\"en-GB\"},{\"@type\":\"Organization\",\"@id\":\"https:\/\/achetermalincostabrava.com\/#organization\",\"name\":\"Acheter Malin Costa Brava\",\"url\":\"https:\/\/achetermalincostabrava.com\/\",\"logo\":{\"@type\":\"ImageObject\",\"inLanguage\":\"en-GB\",\"@id\":\"https:\/\/achetermalincostabrava.com\/#\/schema\/logo\/image\/\",\"url\":\"https:\/\/achetermalincostabrava.com\/wp-content\/uploads\/2020\/12\/ach-ml.png\",\"contentUrl\":\"https:\/\/achetermalincostabrava.com\/wp-content\/uploads\/2020\/12\/ach-ml.png\",\"width\":258,\"height\":56,\"caption\":\"Acheter Malin Costa Brava\"},\"image\":{\"@id\":\"https:\/\/achetermalincostabrava.com\/#\/schema\/logo\/image\/\"}}]}<\/script>\n<!-- \/ Yoast SEO plugin. -->","yoast_head_json":{"title":"Location Costa Brava - Chasseur Immobilier Costa Brava","description":"Location Costa Brava, Location longue dur\u00e9e ou location de vacances ? Nous trouvons pour vous le bien parfait","robots":{"index":"index","follow":"follow","max-snippet":"max-snippet:-1","max-image-preview":"max-image-preview:large","max-video-preview":"max-video-preview:-1"},"canonical":"https:\/\/achetermalincostabrava.com\/en\/location-costa-brava\/","og_locale":"en_GB","og_type":"article","og_title":"Location Costa Brava - Chasseur Immobilier Costa Brava","og_description":"Location Costa Brava, Location longue dur\u00e9e ou location de vacances ? Nous trouvons pour vous le bien parfait","og_url":"https:\/\/achetermalincostabrava.com\/en\/location-costa-brava\/","og_site_name":"Acheter Malin Costa Brava | Chasseur Immobilier Costa Brava","article_modified_time":"2022-06-21T15:17:31+00:00","og_image":[{"url":"https:\/\/achetermalincostabrava.com\/wp-content\/uploads\/2021\/02\/A7-1024x573.jpg","type":"","width":"","height":""}],"twitter_card":"summary_large_image","twitter_misc":{"Estimated reading time":"2 minutes"},"schema":{"@context":"https:\/\/schema.org","@graph":[{"@type":"WebPage","@id":"https:\/\/achetermalincostabrava.com\/location-costa-brava\/","url":"https:\/\/achetermalincostabrava.com\/location-costa-brava\/","name":"Location Costa Brava - Chasseur Immobilier Costa Brava","isPartOf":{"@id":"https:\/\/achetermalincostabrava.com\/#website"},"primaryImageOfPage":{"@id":"https:\/\/achetermalincostabrava.com\/location-costa-brava\/#primaryimage"},"image":{"@id":"https:\/\/achetermalincostabrava.com\/location-costa-brava\/#primaryimage"},"thumbnailUrl":"https:\/\/achetermalincostabrava.com\/wp-content\/uploads\/2021\/02\/A7-1024x573.jpg","datePublished":"2021-01-07T02:17:34+00:00","dateModified":"2022-06-21T15:17:31+00:00","description":"Location Costa Brava, Location longue dur\u00e9e ou location de vacances ? Nous trouvons pour vous le bien parfait","breadcrumb":{"@id":"https:\/\/achetermalincostabrava.com\/location-costa-brava\/#breadcrumb"},"inLanguage":"en-GB","potentialAction":[{"@type":"ReadAction","target":["https:\/\/achetermalincostabrava.com\/location-costa-brava\/"]}]},{"@type":"ImageObject","inLanguage":"en-GB","@id":"https:\/\/achetermalincostabrava.com\/location-costa-brava\/#primaryimage","url":"https:\/\/achetermalincostabrava.com\/wp-content\/uploads\/2021\/02\/A7-1024x573.jpg","contentUrl":"https:\/\/achetermalincostabrava.com\/wp-content\/uploads\/2021\/02\/A7-1024x573.jpg"},{"@type":"BreadcrumbList","@id":"https:\/\/achetermalincostabrava.com\/location-costa-brava\/#breadcrumb","itemListElement":[{"@type":"ListItem","position":1,"name":"Accueil","item":"https:\/\/achetermalincostabrava.com\/"},{"@type":"ListItem","position":2,"name":"Location Costa Brava"}]},{"@type":"WebSite","@id":"https:\/\/achetermalincostabrava.com\/#website","url":"https:\/\/achetermalincostabrava.com\/","name":"Buy Smart Costa Brava | Chasseur Immobilier Costa Brava","description":"Property hunter Buy Smart Costa Brava. Entrust your search to a French-speaking professional, on site and representing your interests locally. Discover all our services.","publisher":{"@id":"https:\/\/achetermalincostabrava.com\/#organization"},"potentialAction":[{"@type":"SearchAction","target":{"@type":"EntryPoint","urlTemplate":"https:\/\/achetermalincostabrava.com\/?s={search_term_string}"},"query-input":{"@type":"PropertyValueSpecification","valueRequired":true,"valueName":"search_term_string"}}],"inLanguage":"en-GB"},{"@type":"Organization","@id":"https:\/\/achetermalincostabrava.com\/#organization","name":"Buy Smart Costa Brava","url":"https:\/\/achetermalincostabrava.com\/","logo":{"@type":"ImageObject","inLanguage":"en-GB","@id":"https:\/\/achetermalincostabrava.com\/#\/schema\/logo\/image\/","url":"https:\/\/achetermalincostabrava.com\/wp-content\/uploads\/2020\/12\/ach-ml.png","contentUrl":"https:\/\/achetermalincostabrava.com\/wp-content\/uploads\/2020\/12\/ach-ml.png","width":258,"height":56,"caption":"Acheter Malin Costa Brava"},"image":{"@id":"https:\/\/achetermalincostabrava.com\/#\/schema\/logo\/image\/"}}]}},"_links":{"self":[{"href":"https:\/\/achetermalincostabrava.com\/en\/wp-json\/wp\/v2\/pages\/253","targetHints":{"allow":["GET"]}}],"collection":[{"href":"https:\/\/achetermalincostabrava.com\/en\/wp-json\/wp\/v2\/pages"}],"about":[{"href":"https:\/\/achetermalincostabrava.com\/en\/wp-json\/wp\/v2\/types\/page"}],"author":[{"embeddable":true,"href":"https:\/\/achetermalincostabrava.com\/en\/wp-json\/wp\/v2\/users\/1"}],"replies":[{"embeddable":true,"href":"https:\/\/achetermalincostabrava.com\/en\/wp-json\/wp\/v2\/comments?post=253"}],"version-history":[{"count":0,"href":"https:\/\/achetermalincostabrava.com\/en\/wp-json\/wp\/v2\/pages\/253\/revisions"}],"wp:attachment":[{"href":"https:\/\/achetermalincostabrava.com\/en\/wp-json\/wp\/v2\/media?parent=253"}],"curies":[{"name":"wp","href":"https:\/\/api.w.org\/{rel}","templated":true}]}}