{"id":201,"date":"2021-01-07T01:04:31","date_gmt":"2021-01-07T01:04:31","guid":{"rendered":"https:\/\/costabrava.multinternet.com\/?page_id=201"},"modified":"2022-06-21T14:25:39","modified_gmt":"2022-06-21T14:25:39","slug":"achat-costa-brava","status":"publish","type":"page","link":"https:\/\/achetermalincostabrava.com\/en\/achat-costa-brava\/","title":{"rendered":"Buy Costa Brava"},"content":{"rendered":"<div data-elementor-type=\"wp-page\" data-elementor-id=\"201\" class=\"elementor elementor-201\" data-elementor-post-type=\"page\">\n\t\t\t\t\t\t<section class=\"elementor-section elementor-top-section elementor-element elementor-element-30cd7144 elementor-section-content-middle elementor-reverse-tablet elementor-reverse-mobile elementor-section-boxed elementor-section-height-default elementor-section-height-default\" data-id=\"30cd7144\" data-element_type=\"section\" data-e-type=\"section\">\n\t\t\t\t\t\t<div class=\"elementor-container elementor-column-gap-default\">\n\t\t\t\t\t<div class=\"elementor-column elementor-col-50 elementor-top-column elementor-element elementor-element-b9a0d46\" data-id=\"b9a0d46\" data-element_type=\"column\" data-e-type=\"column\">\n\t\t\t<div class=\"elementor-widget-wrap elementor-element-populated\">\n\t\t\t\t\t\t<div class=\"elementor-element elementor-element-16eab1bf elementor-widget elementor-widget-image\" data-id=\"16eab1bf\" data-element_type=\"widget\" data-e-type=\"widget\" data-widget_type=\"image.default\">\n\t\t\t\t<div class=\"elementor-widget-container\">\n\t\t\t\t\t\t\t\t\t\t\t\t\t\t\t<img decoding=\"async\" width=\"100\" height=\"100\" src=\"https:\/\/achetermalincostabrava.com\/wp-content\/uploads\/2021\/01\/cornergrey1-min.png\" class=\"attachment-large size-large wp-image-97\" alt=\"angle gris\" \/>\t\t\t\t\t\t\t\t\t\t\t\t\t\t\t<\/div>\n\t\t\t\t<\/div>\n\t\t\t\t<div class=\"elementor-element elementor-element-1d99e705 elementor-widget elementor-widget-heading\" data-id=\"1d99e705\" data-element_type=\"widget\" data-e-type=\"widget\" data-widget_type=\"heading.default\">\n\t\t\t\t<div class=\"elementor-widget-container\">\n\t\t\t\t\t<h1 class=\"elementor-heading-title elementor-size-default\">Buying on the Costa Brava <\/h1>\t\t\t\t<\/div>\n\t\t\t\t<\/div>\n\t\t\t\t<div class=\"elementor-element elementor-element-170619e5 elementor-widget elementor-widget-heading\" data-id=\"170619e5\" data-element_type=\"widget\" data-e-type=\"widget\" data-widget_type=\"heading.default\">\n\t\t\t\t<div class=\"elementor-widget-container\">\n\t\t\t\t\t<p class=\"elementor-heading-title elementor-size-default\">Situated between the French border and the coastal town of Blanes, the Costa Brava is so named for its rugged, wild landscapes, home to magnificent coves all along its 160km length, from Portbou to the French border.\n<br>\n<br>\nCrystal-clear coves, sandy beaches such as the Bay of Rosas or coves hidden between maritime pines and rock, this destination so close to France offers an enchanting change of scenery. Ideally located, the Costa Brava is easy to reach thanks to Girona airport and the A7 motorway from France. Barcelona is only a hundred kilometres away if you want to enjoy the treasures of the Catalan capital.\n<br>\n<br>\nThe quality of life, the climate and its incredible beauty make it an ideal place to buy a house or flat in sunny Spain. <\/p>\t\t\t\t<\/div>\n\t\t\t\t<\/div>\n\t\t\t\t<div class=\"elementor-element elementor-element-1da36ec elementor-hidden-tablet elementor-hidden-phone elementor-widget elementor-widget-image\" data-id=\"1da36ec\" data-element_type=\"widget\" data-e-type=\"widget\" data-widget_type=\"image.default\">\n\t\t\t\t<div class=\"elementor-widget-container\">\n\t\t\t\t\t\t\t\t\t\t\t\t\t\t\t<img decoding=\"async\" width=\"100\" height=\"100\" src=\"https:\/\/achetermalincostabrava.com\/wp-content\/uploads\/2021\/01\/cornergrey2-min.png\" class=\"attachment-large size-large wp-image-98\" alt=\"angle gris1\" \/>\t\t\t\t\t\t\t\t\t\t\t\t\t\t\t<\/div>\n\t\t\t\t<\/div>\n\t\t\t\t\t<\/div>\n\t\t<\/div>\n\t\t\t\t<div class=\"elementor-column elementor-col-50 elementor-top-column elementor-element elementor-element-488d9830\" data-id=\"488d9830\" data-element_type=\"column\" data-e-type=\"column\">\n\t\t\t<div class=\"elementor-widget-wrap elementor-element-populated\">\n\t\t\t\t\t\t<div class=\"elementor-element elementor-element-7da22755 elementor-widget elementor-widget-image\" data-id=\"7da22755\" data-element_type=\"widget\" data-e-type=\"widget\" data-widget_type=\"image.default\">\n\t\t\t\t<div class=\"elementor-widget-container\">\n\t\t\t\t\t\t\t\t\t\t\t\t<figure class=\"wp-caption\">\n\t\t\t\t\t\t\t\t\t\t<img fetchpriority=\"high\" decoding=\"async\" width=\"740\" height=\"571\" src=\"https:\/\/achetermalincostabrava.com\/wp-content\/uploads\/2021\/01\/achatcostabrava.png\" class=\"attachment-large size-large wp-image-219\" alt=\"Acheter un bien immo sur la costa brava\" srcset=\"https:\/\/achetermalincostabrava.com\/wp-content\/uploads\/2021\/01\/achatcostabrava.png 740w, https:\/\/achetermalincostabrava.com\/wp-content\/uploads\/2021\/01\/achatcostabrava-300x231.png 300w\" sizes=\"(max-width: 740px) 100vw, 740px\" \/>\t\t\t\t\t\t\t\t\t\t\t<figcaption class=\"widget-image-caption wp-caption-text\">Buying a property on the costa brava<\/figcaption>\n\t\t\t\t\t\t\t\t\t\t<\/figure>\n\t\t\t\t\t\t\t\t\t<\/div>\n\t\t\t\t<\/div>\n\t\t\t\t\t<\/div>\n\t\t<\/div>\n\t\t\t\t\t<\/div>\n\t\t<\/section>\n\t\t\t\t<section class=\"elementor-section elementor-top-section elementor-element elementor-element-60bebc9 elementor-section-boxed elementor-section-height-default elementor-section-height-default\" data-id=\"60bebc9\" data-element_type=\"section\" data-e-type=\"section\">\n\t\t\t\t\t\t<div class=\"elementor-container elementor-column-gap-default\">\n\t\t\t\t\t<div class=\"elementor-column elementor-col-25 elementor-top-column elementor-element elementor-element-4de6d81\" data-id=\"4de6d81\" data-element_type=\"column\" data-e-type=\"column\">\n\t\t\t<div class=\"elementor-widget-wrap elementor-element-populated\">\n\t\t\t\t\t\t<div class=\"elementor-element elementor-element-0d4fee1 elementor-widget elementor-widget-image\" data-id=\"0d4fee1\" data-element_type=\"widget\" data-e-type=\"widget\" data-widget_type=\"image.default\">\n\t\t\t\t<div class=\"elementor-widget-container\">\n\t\t\t\t\t\t\t\t\t\t\t\t<figure class=\"wp-caption\">\n\t\t\t\t\t\t\t\t\t\t<img loading=\"lazy\" decoding=\"async\" width=\"800\" height=\"531\" src=\"https:\/\/achetermalincostabrava.com\/wp-content\/uploads\/2021\/01\/Littoral-de-la-Costa-Brava-en-Catalogne-Espagne-1024x680-1.jpg\" class=\"attachment-large size-large wp-image-213\" alt=\"Littoral de la Costa Brava en Catalogne\" srcset=\"https:\/\/achetermalincostabrava.com\/wp-content\/uploads\/2021\/01\/Littoral-de-la-Costa-Brava-en-Catalogne-Espagne-1024x680-1.jpg 1024w, https:\/\/achetermalincostabrava.com\/wp-content\/uploads\/2021\/01\/Littoral-de-la-Costa-Brava-en-Catalogne-Espagne-1024x680-1-300x199.jpg 300w, https:\/\/achetermalincostabrava.com\/wp-content\/uploads\/2021\/01\/Littoral-de-la-Costa-Brava-en-Catalogne-Espagne-1024x680-1-768x510.jpg 768w\" sizes=\"(max-width: 800px) 100vw, 800px\" \/>\t\t\t\t\t\t\t\t\t\t\t<figcaption class=\"widget-image-caption wp-caption-text\">The Costa Brava coastline in Catalonia<\/figcaption>\n\t\t\t\t\t\t\t\t\t\t<\/figure>\n\t\t\t\t\t\t\t\t\t<\/div>\n\t\t\t\t<\/div>\n\t\t\t\t\t<\/div>\n\t\t<\/div>\n\t\t\t\t<div class=\"elementor-column elementor-col-25 elementor-top-column elementor-element elementor-element-302ea43\" data-id=\"302ea43\" data-element_type=\"column\" data-e-type=\"column\">\n\t\t\t<div class=\"elementor-widget-wrap elementor-element-populated\">\n\t\t\t\t\t\t<div class=\"elementor-element elementor-element-cec9b0f elementor-widget elementor-widget-image\" data-id=\"cec9b0f\" data-element_type=\"widget\" data-e-type=\"widget\" data-widget_type=\"image.default\">\n\t\t\t\t<div class=\"elementor-widget-container\">\n\t\t\t\t\t\t\t\t\t\t\t\t<figure class=\"wp-caption\">\n\t\t\t\t\t\t\t\t\t\t<img loading=\"lazy\" decoding=\"async\" width=\"800\" height=\"391\" src=\"https:\/\/achetermalincostabrava.com\/wp-content\/uploads\/2021\/01\/Plages-et-criques-de-la-Costa-Brava1-1024x500-1.jpg\" class=\"attachment-large size-large wp-image-214\" alt=\"Plages et criques de la Costa-Brava\" srcset=\"https:\/\/achetermalincostabrava.com\/wp-content\/uploads\/2021\/01\/Plages-et-criques-de-la-Costa-Brava1-1024x500-1.jpg 1024w, https:\/\/achetermalincostabrava.com\/wp-content\/uploads\/2021\/01\/Plages-et-criques-de-la-Costa-Brava1-1024x500-1-300x146.jpg 300w, https:\/\/achetermalincostabrava.com\/wp-content\/uploads\/2021\/01\/Plages-et-criques-de-la-Costa-Brava1-1024x500-1-768x375.jpg 768w\" sizes=\"(max-width: 800px) 100vw, 800px\" \/>\t\t\t\t\t\t\t\t\t\t\t<figcaption class=\"widget-image-caption wp-caption-text\">Beaches and coves of the Costa-Brava<\/figcaption>\n\t\t\t\t\t\t\t\t\t\t<\/figure>\n\t\t\t\t\t\t\t\t\t<\/div>\n\t\t\t\t<\/div>\n\t\t\t\t\t<\/div>\n\t\t<\/div>\n\t\t\t\t<div class=\"elementor-column elementor-col-25 elementor-top-column elementor-element elementor-element-a26247b\" data-id=\"a26247b\" data-element_type=\"column\" data-e-type=\"column\">\n\t\t\t<div class=\"elementor-widget-wrap elementor-element-populated\">\n\t\t\t\t\t\t<div class=\"elementor-element elementor-element-9f4684c elementor-widget elementor-widget-image\" data-id=\"9f4684c\" data-element_type=\"widget\" data-e-type=\"widget\" data-widget_type=\"image.default\">\n\t\t\t\t<div class=\"elementor-widget-container\">\n\t\t\t\t\t\t\t\t\t\t\t\t<figure class=\"wp-caption\">\n\t\t\t\t\t\t\t\t\t\t<img loading=\"lazy\" decoding=\"async\" width=\"800\" height=\"534\" src=\"https:\/\/achetermalincostabrava.com\/wp-content\/uploads\/2021\/01\/Plage-et-crique-de-Begur-sur-la-Costa-Brava-en-Espagne-1024x683-1.jpg\" class=\"attachment-large size-large wp-image-215\" alt=\"Plage et crique de -Begur sur la Costa-Brava\" srcset=\"https:\/\/achetermalincostabrava.com\/wp-content\/uploads\/2021\/01\/Plage-et-crique-de-Begur-sur-la-Costa-Brava-en-Espagne-1024x683-1.jpg 1024w, https:\/\/achetermalincostabrava.com\/wp-content\/uploads\/2021\/01\/Plage-et-crique-de-Begur-sur-la-Costa-Brava-en-Espagne-1024x683-1-300x200.jpg 300w, https:\/\/achetermalincostabrava.com\/wp-content\/uploads\/2021\/01\/Plage-et-crique-de-Begur-sur-la-Costa-Brava-en-Espagne-1024x683-1-768x512.jpg 768w\" sizes=\"(max-width: 800px) 100vw, 800px\" \/>\t\t\t\t\t\t\t\t\t\t\t<figcaption class=\"widget-image-caption wp-caption-text\">Beach and cove of Begur on the Costa Brava<\/figcaption>\n\t\t\t\t\t\t\t\t\t\t<\/figure>\n\t\t\t\t\t\t\t\t\t<\/div>\n\t\t\t\t<\/div>\n\t\t\t\t\t<\/div>\n\t\t<\/div>\n\t\t\t\t<div class=\"elementor-column elementor-col-25 elementor-top-column elementor-element elementor-element-7f6013d\" data-id=\"7f6013d\" data-element_type=\"column\" data-e-type=\"column\">\n\t\t\t<div class=\"elementor-widget-wrap elementor-element-populated\">\n\t\t\t\t\t\t<div class=\"elementor-element elementor-element-978e5e9 elementor-widget elementor-widget-image\" data-id=\"978e5e9\" data-element_type=\"widget\" data-e-type=\"widget\" data-widget_type=\"image.default\">\n\t\t\t\t<div class=\"elementor-widget-container\">\n\t\t\t\t\t\t\t\t\t\t\t\t<figure class=\"wp-caption\">\n\t\t\t\t\t\t\t\t\t\t<img loading=\"lazy\" decoding=\"async\" width=\"800\" height=\"531\" src=\"https:\/\/achetermalincostabrava.com\/wp-content\/uploads\/2021\/01\/Plage-de-Empuriabrava-sur-la-Costa-Brava-en-Espagne-1024x680-1.jpg\" class=\"attachment-large size-large wp-image-216\" alt=\"Plage de Empuriabrava sur la Costa-Brava\" srcset=\"https:\/\/achetermalincostabrava.com\/wp-content\/uploads\/2021\/01\/Plage-de-Empuriabrava-sur-la-Costa-Brava-en-Espagne-1024x680-1.jpg 1024w, https:\/\/achetermalincostabrava.com\/wp-content\/uploads\/2021\/01\/Plage-de-Empuriabrava-sur-la-Costa-Brava-en-Espagne-1024x680-1-300x199.jpg 300w, https:\/\/achetermalincostabrava.com\/wp-content\/uploads\/2021\/01\/Plage-de-Empuriabrava-sur-la-Costa-Brava-en-Espagne-1024x680-1-768x510.jpg 768w\" sizes=\"(max-width: 800px) 100vw, 800px\" \/>\t\t\t\t\t\t\t\t\t\t\t<figcaption class=\"widget-image-caption wp-caption-text\">Empuriabrava beach on the Costa Brava<\/figcaption>\n\t\t\t\t\t\t\t\t\t\t<\/figure>\n\t\t\t\t\t\t\t\t\t<\/div>\n\t\t\t\t<\/div>\n\t\t\t\t\t<\/div>\n\t\t<\/div>\n\t\t\t\t\t<\/div>\n\t\t<\/section>\n\t\t\t\t<\/div>","protected":false},"excerpt":{"rendered":"<p>Acheter sur la Costa Brava Situ\u00e9e entre la fronti\u00e8re fran\u00e7aise et la ville c\u00f4ti\u00e8re de Blanes, la Costa Brava est ainsi nomm\u00e9e en raison de ses paysages escarp\u00e9s et sauvages qui abritent de magnifiques calanques tout au long de ses 160 km, d\u00e8s Portbou \u00e0 la fronti\u00e8re fran\u00e7aise. Criques aux eaux crystalines, plages de sables [&hellip;]<\/p>\n","protected":false},"author":1,"featured_media":0,"parent":0,"menu_order":0,"comment_status":"closed","ping_status":"closed","template":"elementor_header_footer","meta":{"footnotes":""},"class_list":["post-201","page","type-page","status-publish","hentry"],"yoast_head":"<!-- This site is optimized with the Yoast SEO plugin v27.0 - https:\/\/yoast.com\/product\/yoast-seo-wordpress\/ -->\n<title>Acheter un bien sur la Costa Brava - Chasseur Immobilier<\/title>\n<meta name=\"description\" content=\"Situ\u00e9e entre la fronti\u00e8re fran\u00e7aise et la ville c\u00f4ti\u00e8re de Blanes, la Costa Brava est ainsi nomm\u00e9e en raison de ses paysages escarp\u00e9s et sauvages\" \/>\n<meta name=\"robots\" content=\"index, follow, max-snippet:-1, max-image-preview:large, max-video-preview:-1\" \/>\n<link rel=\"canonical\" href=\"https:\/\/achetermalincostabrava.com\/en\/achat-costa-brava\/\" \/>\n<meta property=\"og:locale\" content=\"en_GB\" \/>\n<meta property=\"og:type\" content=\"article\" \/>\n<meta property=\"og:title\" content=\"Acheter un bien sur la Costa Brava - Chasseur Immobilier\" \/>\n<meta property=\"og:description\" content=\"Situ\u00e9e entre la fronti\u00e8re fran\u00e7aise et la ville c\u00f4ti\u00e8re de Blanes, la Costa Brava est ainsi nomm\u00e9e en raison de ses paysages escarp\u00e9s et sauvages\" \/>\n<meta property=\"og:url\" content=\"https:\/\/achetermalincostabrava.com\/en\/achat-costa-brava\/\" \/>\n<meta property=\"og:site_name\" content=\"Acheter Malin Costa Brava | Chasseur Immobilier Costa Brava\" \/>\n<meta property=\"article:modified_time\" content=\"2022-06-21T14:25:39+00:00\" \/>\n<meta property=\"og:image\" content=\"https:\/\/achetermalincostabrava.com\/wp-content\/uploads\/2021\/01\/cornergrey1-min.png\" \/>\n<meta name=\"twitter:card\" content=\"summary_large_image\" \/>\n<meta name=\"twitter:label1\" content=\"Estimated reading time\" \/>\n\t<meta name=\"twitter:data1\" content=\"3 minutes\" \/>\n<script type=\"application\/ld+json\" class=\"yoast-schema-graph\">{\"@context\":\"https:\/\/schema.org\",\"@graph\":[{\"@type\":\"WebPage\",\"@id\":\"https:\/\/achetermalincostabrava.com\/achat-costa-brava\/\",\"url\":\"https:\/\/achetermalincostabrava.com\/achat-costa-brava\/\",\"name\":\"Acheter un bien sur la Costa Brava - Chasseur Immobilier\",\"isPartOf\":{\"@id\":\"https:\/\/achetermalincostabrava.com\/#website\"},\"primaryImageOfPage\":{\"@id\":\"https:\/\/achetermalincostabrava.com\/achat-costa-brava\/#primaryimage\"},\"image\":{\"@id\":\"https:\/\/achetermalincostabrava.com\/achat-costa-brava\/#primaryimage\"},\"thumbnailUrl\":\"https:\/\/achetermalincostabrava.com\/wp-content\/uploads\/2021\/01\/cornergrey1-min.png\",\"datePublished\":\"2021-01-07T01:04:31+00:00\",\"dateModified\":\"2022-06-21T14:25:39+00:00\",\"description\":\"Situ\u00e9e entre la fronti\u00e8re fran\u00e7aise et la ville c\u00f4ti\u00e8re de Blanes, la Costa Brava est ainsi nomm\u00e9e en raison de ses paysages escarp\u00e9s et sauvages\",\"breadcrumb\":{\"@id\":\"https:\/\/achetermalincostabrava.com\/achat-costa-brava\/#breadcrumb\"},\"inLanguage\":\"en-GB\",\"potentialAction\":[{\"@type\":\"ReadAction\",\"target\":[\"https:\/\/achetermalincostabrava.com\/achat-costa-brava\/\"]}]},{\"@type\":\"ImageObject\",\"inLanguage\":\"en-GB\",\"@id\":\"https:\/\/achetermalincostabrava.com\/achat-costa-brava\/#primaryimage\",\"url\":\"https:\/\/achetermalincostabrava.com\/wp-content\/uploads\/2021\/01\/cornergrey1-min.png\",\"contentUrl\":\"https:\/\/achetermalincostabrava.com\/wp-content\/uploads\/2021\/01\/cornergrey1-min.png\"},{\"@type\":\"BreadcrumbList\",\"@id\":\"https:\/\/achetermalincostabrava.com\/achat-costa-brava\/#breadcrumb\",\"itemListElement\":[{\"@type\":\"ListItem\",\"position\":1,\"name\":\"Accueil\",\"item\":\"https:\/\/achetermalincostabrava.com\/\"},{\"@type\":\"ListItem\",\"position\":2,\"name\":\"Achat Costa Brava\"}]},{\"@type\":\"WebSite\",\"@id\":\"https:\/\/achetermalincostabrava.com\/#website\",\"url\":\"https:\/\/achetermalincostabrava.com\/\",\"name\":\"Acheter Malin Costa Brava | Chasseur Immobilier Costa Brava\",\"description\":\"Chasseur Immobilier Acheter Malin Costa Brava. Confiez votre recherche \u00e0 un professionnel francophone, sur place et repr\u00e9sentant localement vos interets. D\u00e9couvrez tous nos services.\",\"publisher\":{\"@id\":\"https:\/\/achetermalincostabrava.com\/#organization\"},\"potentialAction\":[{\"@type\":\"SearchAction\",\"target\":{\"@type\":\"EntryPoint\",\"urlTemplate\":\"https:\/\/achetermalincostabrava.com\/?s={search_term_string}\"},\"query-input\":{\"@type\":\"PropertyValueSpecification\",\"valueRequired\":true,\"valueName\":\"search_term_string\"}}],\"inLanguage\":\"en-GB\"},{\"@type\":\"Organization\",\"@id\":\"https:\/\/achetermalincostabrava.com\/#organization\",\"name\":\"Acheter Malin Costa Brava\",\"url\":\"https:\/\/achetermalincostabrava.com\/\",\"logo\":{\"@type\":\"ImageObject\",\"inLanguage\":\"en-GB\",\"@id\":\"https:\/\/achetermalincostabrava.com\/#\/schema\/logo\/image\/\",\"url\":\"https:\/\/achetermalincostabrava.com\/wp-content\/uploads\/2020\/12\/ach-ml.png\",\"contentUrl\":\"https:\/\/achetermalincostabrava.com\/wp-content\/uploads\/2020\/12\/ach-ml.png\",\"width\":258,\"height\":56,\"caption\":\"Acheter Malin Costa Brava\"},\"image\":{\"@id\":\"https:\/\/achetermalincostabrava.com\/#\/schema\/logo\/image\/\"}}]}<\/script>\n<!-- \/ Yoast SEO plugin. -->","yoast_head_json":{"title":"Acheter un bien sur la Costa Brava - Chasseur Immobilier","description":"Situ\u00e9e entre la fronti\u00e8re fran\u00e7aise et la ville c\u00f4ti\u00e8re de Blanes, la Costa Brava est ainsi nomm\u00e9e en raison de ses paysages escarp\u00e9s et sauvages","robots":{"index":"index","follow":"follow","max-snippet":"max-snippet:-1","max-image-preview":"max-image-preview:large","max-video-preview":"max-video-preview:-1"},"canonical":"https:\/\/achetermalincostabrava.com\/en\/achat-costa-brava\/","og_locale":"en_GB","og_type":"article","og_title":"Acheter un bien sur la Costa Brava - Chasseur Immobilier","og_description":"Situ\u00e9e entre la fronti\u00e8re fran\u00e7aise et la ville c\u00f4ti\u00e8re de Blanes, la Costa Brava est ainsi nomm\u00e9e en raison de ses paysages escarp\u00e9s et sauvages","og_url":"https:\/\/achetermalincostabrava.com\/en\/achat-costa-brava\/","og_site_name":"Acheter Malin Costa Brava | Chasseur Immobilier Costa Brava","article_modified_time":"2022-06-21T14:25:39+00:00","og_image":[{"url":"https:\/\/achetermalincostabrava.com\/wp-content\/uploads\/2021\/01\/cornergrey1-min.png","type":"","width":"","height":""}],"twitter_card":"summary_large_image","twitter_misc":{"Estimated reading time":"3 minutes"},"schema":{"@context":"https:\/\/schema.org","@graph":[{"@type":"WebPage","@id":"https:\/\/achetermalincostabrava.com\/achat-costa-brava\/","url":"https:\/\/achetermalincostabrava.com\/achat-costa-brava\/","name":"Acheter un bien sur la Costa Brava - Chasseur Immobilier","isPartOf":{"@id":"https:\/\/achetermalincostabrava.com\/#website"},"primaryImageOfPage":{"@id":"https:\/\/achetermalincostabrava.com\/achat-costa-brava\/#primaryimage"},"image":{"@id":"https:\/\/achetermalincostabrava.com\/achat-costa-brava\/#primaryimage"},"thumbnailUrl":"https:\/\/achetermalincostabrava.com\/wp-content\/uploads\/2021\/01\/cornergrey1-min.png","datePublished":"2021-01-07T01:04:31+00:00","dateModified":"2022-06-21T14:25:39+00:00","description":"Situ\u00e9e entre la fronti\u00e8re fran\u00e7aise et la ville c\u00f4ti\u00e8re de Blanes, la Costa Brava est ainsi nomm\u00e9e en raison de ses paysages escarp\u00e9s et sauvages","breadcrumb":{"@id":"https:\/\/achetermalincostabrava.com\/achat-costa-brava\/#breadcrumb"},"inLanguage":"en-GB","potentialAction":[{"@type":"ReadAction","target":["https:\/\/achetermalincostabrava.com\/achat-costa-brava\/"]}]},{"@type":"ImageObject","inLanguage":"en-GB","@id":"https:\/\/achetermalincostabrava.com\/achat-costa-brava\/#primaryimage","url":"https:\/\/achetermalincostabrava.com\/wp-content\/uploads\/2021\/01\/cornergrey1-min.png","contentUrl":"https:\/\/achetermalincostabrava.com\/wp-content\/uploads\/2021\/01\/cornergrey1-min.png"},{"@type":"BreadcrumbList","@id":"https:\/\/achetermalincostabrava.com\/achat-costa-brava\/#breadcrumb","itemListElement":[{"@type":"ListItem","position":1,"name":"Accueil","item":"https:\/\/achetermalincostabrava.com\/"},{"@type":"ListItem","position":2,"name":"Achat Costa Brava"}]},{"@type":"WebSite","@id":"https:\/\/achetermalincostabrava.com\/#website","url":"https:\/\/achetermalincostabrava.com\/","name":"Buy Smart Costa Brava | Chasseur Immobilier Costa Brava","description":"Property hunter Buy Smart Costa Brava. Entrust your search to a French-speaking professional, on site and representing your interests locally. Discover all our services.","publisher":{"@id":"https:\/\/achetermalincostabrava.com\/#organization"},"potentialAction":[{"@type":"SearchAction","target":{"@type":"EntryPoint","urlTemplate":"https:\/\/achetermalincostabrava.com\/?s={search_term_string}"},"query-input":{"@type":"PropertyValueSpecification","valueRequired":true,"valueName":"search_term_string"}}],"inLanguage":"en-GB"},{"@type":"Organization","@id":"https:\/\/achetermalincostabrava.com\/#organization","name":"Buy Smart Costa Brava","url":"https:\/\/achetermalincostabrava.com\/","logo":{"@type":"ImageObject","inLanguage":"en-GB","@id":"https:\/\/achetermalincostabrava.com\/#\/schema\/logo\/image\/","url":"https:\/\/achetermalincostabrava.com\/wp-content\/uploads\/2020\/12\/ach-ml.png","contentUrl":"https:\/\/achetermalincostabrava.com\/wp-content\/uploads\/2020\/12\/ach-ml.png","width":258,"height":56,"caption":"Acheter Malin Costa Brava"},"image":{"@id":"https:\/\/achetermalincostabrava.com\/#\/schema\/logo\/image\/"}}]}},"_links":{"self":[{"href":"https:\/\/achetermalincostabrava.com\/en\/wp-json\/wp\/v2\/pages\/201","targetHints":{"allow":["GET"]}}],"collection":[{"href":"https:\/\/achetermalincostabrava.com\/en\/wp-json\/wp\/v2\/pages"}],"about":[{"href":"https:\/\/achetermalincostabrava.com\/en\/wp-json\/wp\/v2\/types\/page"}],"author":[{"embeddable":true,"href":"https:\/\/achetermalincostabrava.com\/en\/wp-json\/wp\/v2\/users\/1"}],"replies":[{"embeddable":true,"href":"https:\/\/achetermalincostabrava.com\/en\/wp-json\/wp\/v2\/comments?post=201"}],"version-history":[{"count":0,"href":"https:\/\/achetermalincostabrava.com\/en\/wp-json\/wp\/v2\/pages\/201\/revisions"}],"wp:attachment":[{"href":"https:\/\/achetermalincostabrava.com\/en\/wp-json\/wp\/v2\/media?parent=201"}],"curies":[{"name":"wp","href":"https:\/\/api.w.org\/{rel}","templated":true}]}}